{"id":1101,"date":"2022-08-08T17:24:58","date_gmt":"2022-08-08T21:24:58","guid":{"rendered":"https:\/\/www.stildesign.ca\/a-propos\/"},"modified":"2025-07-25T13:52:25","modified_gmt":"2025-07-25T17:52:25","slug":"a-propos","status":"publish","type":"page","link":"https:\/\/www.stildesign.ca\/fr\/a-propos\/","title":{"rendered":"\u00c0 PROPOS"},"content":{"rendered":"\n<div class=\"wp-block-group is-layout-flow wp-container-core-group-is-layout-47e5a185 wp-block-group-is-layout-flow\">\n<div class=\"wp-block-group is-layout-flow wp-block-group-is-layout-flow\">\n<div class=\"wp-block-cover\"><img loading=\"lazy\" decoding=\"async\" width=\"1700\" height=\"566\" class=\"wp-block-cover__image-background wp-image-242\" alt=\"\" src=\"https:\/\/www.stildesign.ca\/wp-content\/uploads\/2022\/08\/about-banner-1.jpeg\" data-object-fit=\"cover\" srcset=\"https:\/\/www.stildesign.ca\/wp-content\/uploads\/2022\/08\/about-banner-1.jpeg 1700w, https:\/\/www.stildesign.ca\/wp-content\/uploads\/2022\/08\/about-banner-1-300x100.jpeg 300w, https:\/\/www.stildesign.ca\/wp-content\/uploads\/2022\/08\/about-banner-1-1024x341.jpeg 1024w, https:\/\/www.stildesign.ca\/wp-content\/uploads\/2022\/08\/about-banner-1-768x256.jpeg 768w, https:\/\/www.stildesign.ca\/wp-content\/uploads\/2022\/08\/about-banner-1-1536x511.jpeg 1536w\" sizes=\"auto, (max-width: 1700px) 100vw, 1700px\" \/><span aria-hidden=\"true\" class=\"wp-block-cover__background has-background-dim-0 has-background-dim\"><\/span><div class=\"wp-block-cover__inner-container is-layout-flow wp-block-cover-is-layout-flow\">\n<div class=\"wp-block-group is-layout-constrained wp-container-core-group-is-layout-eacced26 wp-block-group-is-layout-constrained\" style=\"padding-top:15px;padding-right:15px;padding-bottom:15px;padding-left:15px\">\n<h1 class=\"wp-block-heading has-h-2-font-size\" style=\"font-style:normal;font-weight:300;line-height:1.3;text-transform:uppercase\">L\u00c0 O\u00d9 SE RENCONTRENT L\u2019EXCELLENCE DES PRODUITS<br>ET LE DESIGN PERSONNALIS\u00c9.<\/h1>\n\n\n\n<p class=\"has-text-light-grey-color has-text-color has-paragraphs-2-font-size\" style=\"letter-spacing:1px;line-height:1.3\">Nous donnons aux foyers de Montr\u00e9al des solutions de rangement personnalis\u00e9es de qualit\u00e9 et d\u2019efficacit\u00e9 sup\u00e9rieures.<\/p>\n<\/div>\n<\/div><\/div>\n<\/div>\n\n\n\n<div class=\"wp-block-group is-layout-constrained wp-container-core-group-is-layout-a41bdc85 wp-block-group-is-layout-constrained\" style=\"padding-top:106px;padding-right:15px;padding-bottom:78px;padding-left:15px\">\n<div class=\"wp-block-columns is-layout-flex wp-container-core-columns-is-layout-34142c5b wp-block-columns-is-layout-flex\">\n<div class=\"wp-block-column is-layout-flow wp-block-column-is-layout-flow\">\n<h3 class=\"wp-block-heading has-text-grey-color has-text-color has-h-3-font-size\" style=\"font-style:normal;font-weight:300\">Fournisseur de solutions de rangement personnalis\u00e9es depuis 1996<\/h3>\n\n\n\n<p class=\"has-text-light-grey-color has-text-color has-paragraphs-2-font-size\" style=\"letter-spacing:1px;line-height:1.3\">Depuis 20 ans, nous offrons aux r\u00e9sidents de la r\u00e9gion du Grand Montr\u00e9al des solutions de rangement et de garde-robes personnalis\u00e9es. Chez STIL Design, nous tirons une grande fiert\u00e9 de la qualit\u00e9 et de l\u2019authenticit\u00e9 de toutes nos installations. Comme notre entreprise est familiale, nous ne sommes pas frein\u00e9s par les redevances de franchisage ou d\u2019autres limites connexes. En effet, notre ind\u00e9pendance nous permet de cr\u00e9er nos propres normes et proc\u00e9dures. Les normes de STIL Design sont simples : m\u00e9lamine de \u00be po, portes et tiroirs \u00e0 fermeture en douceur, coulisses de tiroir sous plan et tailles enti\u00e8rement sur mesure. Depuis les 20 derni\u00e8res ann\u00e9es, notre \u00e9quipe s\u2019inspire tous les jours de vos plus grands d\u00e9fis en mati\u00e8re de rangement. Nous vous accompagnerons du d\u00e9but \u00e0 la fin de votre projet. Du devis \u00e0 l\u2019installation, vous pouvez compter sur notre soutien. Voici ce qui nous distingue chez Stil Design :        <\/p>\n\n\n\n<ul style=\"letter-spacing:1px;line-height:1.3\" class=\"wp-block-list has-text-light-grey-color has-text-color has-paragraphs-2-font-size\">\n<li>Nous ne sommes pas une franchise. Nous ne payons aucune redevance de franchisage, et nos clients profitent des \u00e9conomies que ce mod\u00e8le nous permet de r\u00e9aliser.<\/li>\n\n\n\n<li>Nous n\u2019adoptons jamais des techniques de vente douteuses. Vos obtiendrez toujours la meilleure valeur pour chaque dollar investi. <\/li>\n\n\n\n<li>Nous ne faisons pas de la vente \u00e0 pression. Nous visons plut\u00f4t \u00e0 vous aider \u00e0 trouver la solution id\u00e9ale pour r\u00e9pondre \u00e0 vos besoins de rangement \u00e0 prix concurrentiel. <\/li>\n\n\n\n<li>Nous disposons de notre propre \u00e9quipement CNC de fine pointe, qui nous permet de personnaliser votre espace selon vos sp\u00e9cifications exactes. Chez Stil Design, nous n\u2019avons pas de \u00ab tailles standards \u00bb. <\/li>\n\n\n\n<li>Nous sommes bien plus qu\u2019une entreprise de garde-robes sur mesure. Parmi les solutions que nous pouvons cr\u00e9er pour vous et votre famille, notons des armoires, des lits escamotables, des garde-mangers, des buanderies, des unit\u00e9s de divertissement et des penderies. Tout ce que vous d\u00e9sirez, STIL Design peut le construire!  <\/li>\n\n\n\n<li>Nous respecterons les limites de votre budget et de votre espace et travaillerons avec vous pour vous offrir la solution de rangement de vos r\u00eaves.<\/li>\n<\/ul>\n<\/div>\n\n\n\n<div class=\"wp-block-column is-layout-flow wp-block-column-is-layout-flow\">\n<figure class=\"wp-block-image size-large\"><img loading=\"lazy\" decoding=\"async\" width=\"1024\" height=\"733\" src=\"https:\/\/www.stildesign.ca\/wp-content\/uploads\/2022\/08\/walk-ins-photo-1024x733.jpeg\" alt=\"\" class=\"wp-image-263\" srcset=\"https:\/\/www.stildesign.ca\/wp-content\/uploads\/2022\/08\/walk-ins-photo-1024x733.jpeg 1024w, https:\/\/www.stildesign.ca\/wp-content\/uploads\/2022\/08\/walk-ins-photo-300x215.jpeg 300w, https:\/\/www.stildesign.ca\/wp-content\/uploads\/2022\/08\/walk-ins-photo-768x549.jpeg 768w, https:\/\/www.stildesign.ca\/wp-content\/uploads\/2022\/08\/walk-ins-photo.jpeg 1500w\" sizes=\"auto, (max-width: 1024px) 100vw, 1024px\" \/><\/figure>\n\n\n\n<figure class=\"wp-block-embed is-type-video is-provider-youtube wp-block-embed-youtube wp-embed-aspect-16-9 wp-has-aspect-ratio\"><div class=\"wp-block-embed__wrapper\">\n<iframe loading=\"lazy\" title=\"Installation de lit mural | Murphy bed installation\" width=\"500\" height=\"281\" src=\"https:\/\/www.youtube.com\/embed\/5baayyUrGkY?feature=oembed\" frameborder=\"0\" allow=\"accelerometer; autoplay; clipboard-write; encrypted-media; gyroscope; picture-in-picture; web-share\" referrerpolicy=\"strict-origin-when-cross-origin\" allowfullscreen><\/iframe>\n<\/div><\/figure>\n<\/div>\n<\/div>\n<\/div>\n\n\n\n<div class=\"wp-block-group is-layout-flow wp-block-group-is-layout-flow\">\n<div class=\"wp-block-group has-light-bg-background-color has-background is-layout-constrained wp-container-core-group-is-layout-d7f6b5bd wp-block-group-is-layout-constrained\" style=\"padding-top:50px;padding-right:15px;padding-bottom:50px;padding-left:15px\">\n<h2 class=\"wp-block-heading has-text-align-center has-text-grey-color has-text-color has-h-2-font-size\" style=\"margin-bottom:49px;font-style:normal;font-weight:300\">FAITES CONNAISSANCE DE L\u2019\u00c9QUIPE QUI VOUS OFFRIRA LA SOLUTION DE RANGEMENT DE VOS R\u00caVES!<\/h2>\n\n\n\n<p class=\"has-text-align-center has-text-light-grey-color has-text-color\" style=\"font-size:16px;letter-spacing:1px;line-height:1.3\">Si vous faites appel \u00e0 STIL Design, vous obtiendrez bien plus qu\u2019une solution personnalis\u00e9e. Vous obtiendrez l\u2019expertise d\u2019une \u00e9quipe qui cherche \u00e0 vous conna\u00eetre et \u00e0 combler tous vos besoins. <\/p>\n\n\n<div class=\"gb-button-wrapper gb-button-wrapper-2a290317\">\n\n<a class=\"gb-button gb-button-d26dddc6 gb-button-text\" href=\"https:\/\/www.stildesign.ca\/fr\/a-propos\/equipe\/\">VOICI NOTRE \u00c9QUIPE<\/a>\n\n<\/div><\/div>\n<\/div>\n\n\n\n<div class=\"wp-block-group is-layout-flow wp-block-group-is-layout-flow\">\n<div class=\"wp-block-group is-layout-constrained wp-container-core-group-is-layout-fe8a5087 wp-block-group-is-layout-constrained\" style=\"padding-top:50px;padding-right:15px;padding-bottom:50px;padding-left:15px\">\n<h3 class=\"wp-block-heading has-text-align-center has-text-grey-color has-text-color has-h-3-font-size\" style=\"font-style:normal;font-weight:300\">Nos clients sont notre priorit\u00e9. Voyez ce qu\u2019ils ont \u00e0 dire sur nos services.<\/h3>\n\n\n\n<div class=\"wp-block-columns is-layout-flex wp-container-core-columns-is-layout-114a0905 wp-block-columns-is-layout-flex\">\n<div class=\"wp-block-column is-layout-flow wp-container-core-column-is-layout-3ca914a4 wp-block-column-is-layout-flow\">\n<div class=\"wp-block-group is-layout-flow wp-block-group-is-layout-flow\">\n<div class=\"wp-block-group is-layout-flow wp-container-core-group-is-layout-47e5a185 wp-block-group-is-layout-flow\">\n<h2 class=\"wp-block-heading has-text-color\" style=\"color:#eff0e7;margin-top:0px;margin-right:0px;margin-bottom:0px;margin-left:0px;font-size:40px\"><i class=\"fa fa-quote-left\"><\/i><\/h2>\n\n\n\n<p class=\"has-text-light-grey-color has-text-color has-paragraphs-2-font-size\" style=\"font-style:normal;font-weight:200;letter-spacing:1px;line-height:1.3\">Cliente \u00e0 deux reprises! Si je vends mon condo et que je d\u00e9m\u00e9nage, je ferais encore appel \u00e0 STIL Design! <\/p>\n<\/div>\n\n\n\n<p class=\"has-text-light-grey-color has-text-color has-paragraphs-2-font-size\" style=\"font-style:normal;font-weight:200;letter-spacing:1px;line-height:1.3\">Service professionnel et tr\u00e8s rapide.<img decoding=\"async\" src=\"https:\/\/s.w.org\/images\/core\/emoji\/11\/svg\/2705.svg\" alt=\"\u2705\" style=\"width: 14px;\"> Ils ont \u00e9t\u00e9 \u00e0 l\u2019\u00e9coute de mes besoins et j\u2019ai obtenu tout ce que je voulais et plus encore. Mes penderies sont encore plus belles que je ne l\u2019aurais imagin\u00e9! <\/p>\n\n\n\n<p class=\"has-text-light-grey-color has-text-color has-paragraphs-2-font-size\" style=\"font-style:normal;font-weight:200;letter-spacing:1px;line-height:1.3\">Annelies, ses coll\u00e8gues et l\u2019\u00e9quipe d\u2019installation \u00e9taient tous excellents. Je les ai d\u00e9j\u00e0 recommand\u00e9s. <\/p>\n\n\n\n<p class=\"has-text-light-grey-color has-text-color has-paragraphs-2-font-size\" style=\"font-style:normal;font-weight:200;letter-spacing:1px;line-height:1.3\">En mati\u00e8re de penderies, rien ne se compare \u00e0 STIL Design, ne perdez pas votre temps \u00e0 chercher ailleurs.<\/p>\n\n\n\n<div class=\"wp-block-group is-layout-flow wp-container-core-group-is-layout-47e5a185 wp-block-group-is-layout-flow\">\n<h4 class=\"wp-block-heading has-text-grey-color has-text-color has-h-4-font-size\" style=\"font-style:normal;font-weight:500\">Joanne Barrette<\/h4>\n\n\n\n<p class=\"has-text-light-grey-color has-text-color\" style=\"font-size:14px;font-style:normal;font-weight:200;letter-spacing:1px;line-height:1.3\">sur, Facebook<\/p>\n<\/div>\n<\/div>\n\n\n\n<div class=\"wp-block-group is-layout-flow wp-block-group-is-layout-flow\">\n<div class=\"wp-block-group is-layout-flow wp-container-core-group-is-layout-47e5a185 wp-block-group-is-layout-flow\">\n<h2 class=\"wp-block-heading has-text-color\" style=\"color:#eff0e7;margin-top:0px;margin-right:0px;margin-bottom:0px;margin-left:0px;font-size:40px\"><i class=\"fa fa-quote-left\"><\/i><\/h2>\n\n\n\n<p class=\"has-text-light-grey-color has-text-color has-paragraphs-2-font-size\" style=\"font-style:normal;font-weight:200;letter-spacing:1px;line-height:1.3\">Je poss\u00e8de un condo de 400 pieds carr\u00e9s, sans espace de rangement. C\u2019\u00e9tait tout un probl\u00e8me! J\u2019ai trouv\u00e9 Stil Design en ligne et travaill\u00e9 avec Shawn et Caroline pour cr\u00e9er un lit escamotable et une garde-robe sur mesure. Le r\u00e9sultat \u00e9tait au-del\u00e0 de mes attentes! Tout \u00e9tait pr\u00eat dans les temps et l\u2019\u00e9quipe d\u2019installation est professionnelle, comp\u00e9tente et courtoise. Ma nouvelle chambre \u00ab cach\u00e9e \u00bb est g\u00e9niale et tout le monde me demande d\u2019o\u00f9 elle vient! Shawn et les gens charmants chez STIL ont fait un splendide travail pour concr\u00e9tiser mon id\u00e9e! C\u2019est certain que je referai appel \u00e0 eux pour des prochains projets!      <\/p>\n<\/div>\n\n\n\n<div class=\"wp-block-group is-layout-flow wp-container-core-group-is-layout-47e5a185 wp-block-group-is-layout-flow\">\n<h4 class=\"wp-block-heading has-text-grey-color has-text-color has-h-4-font-size\" style=\"font-style:normal;font-weight:500\">Andrea<\/h4>\n\n\n\n<p class=\"has-text-light-grey-color has-text-color\" style=\"font-size:14px;font-style:normal;font-weight:200;letter-spacing:1px;line-height:1.3\">sur, Facebook<\/p>\n<\/div>\n<\/div>\n\n\n\n<div class=\"wp-block-group is-layout-flow wp-block-group-is-layout-flow\">\n<div class=\"wp-block-group is-layout-flow wp-container-core-group-is-layout-47e5a185 wp-block-group-is-layout-flow\">\n<h2 class=\"wp-block-heading has-text-color\" style=\"color:#eff0e7;margin-top:0px;margin-right:0px;margin-bottom:0px;margin-left:0px;font-size:40px\"><i class=\"fa fa-quote-left\"><\/i><\/h2>\n\n\n\n<p class=\"has-text-light-grey-color has-text-color has-paragraphs-2-font-size\" style=\"font-style:normal;font-weight:200;letter-spacing:1px;line-height:1.3\">Mykaela \u2013 elle est tellement professionnelle! Elle a pris en compte tout ce dont j\u2019avais besoin dans une garde-robe et a con\u00e7u l\u2019espace de rangement le plus fonctionnel de notre petite chambre communicante, m\u00eame de toute notre maison! Il est ultra efficace et flexible. L\u2019exp\u00e9rience a \u00e9t\u00e9 tr\u00e8s agr\u00e9able et l\u2019installateur a termin\u00e9 son travail rapidement sans faire de d\u00e9g\u00e2ts. Je recommande vivement cette entreprise!   <\/p>\n<\/div>\n\n\n\n<div class=\"wp-block-group is-layout-flow wp-container-core-group-is-layout-47e5a185 wp-block-group-is-layout-flow\">\n<h4 class=\"wp-block-heading has-text-grey-color has-text-color has-h-4-font-size\" style=\"font-style:normal;font-weight:500\">Sherry<\/h4>\n\n\n\n<p class=\"has-text-light-grey-color has-text-color\" style=\"font-size:14px;font-style:normal;font-weight:200;letter-spacing:1px;line-height:1.3\">sur, Facebook<\/p>\n<\/div>\n<\/div>\n<\/div>\n\n\n\n<div class=\"wp-block-column is-layout-flow wp-block-column-is-layout-flow\">\n<div class=\"wp-block-group is-layout-flow wp-block-group-is-layout-flow\">\n<div class=\"wp-block-group is-layout-flow wp-container-core-group-is-layout-47e5a185 wp-block-group-is-layout-flow\">\n<h2 class=\"wp-block-heading has-text-color\" style=\"color:#eff0e7;margin-top:0px;margin-right:0px;margin-bottom:0px;margin-left:0px;font-size:40px\"><i class=\"fa fa-quote-left\"><\/i><\/h2>\n\n\n\n<p class=\"has-text-light-grey-color has-text-color has-paragraphs-2-font-size\" style=\"font-style:normal;font-weight:200;letter-spacing:1px;line-height:1.3\">Je viens de terminer un petit projet avec l\u2019aide de STIL et je suis plus qu\u2019heureuse des r\u00e9sultats! Le service \u00e9tait impeccable de A \u00e0 Z, en grande partie gr\u00e2ce \u00e0 Mykaela, et l\u2019installation s\u2019est faite en un rien de temps. Ma nouvelle garde-robe est maintenant super fonctionnelle malgr\u00e9 sa petite taille, et les m\u00e9canismes des portes assurent une fermeture tout en douceur. Excellent travail, service rapide, attitude professionnelle; je recommande cette compagnie \u00e0 tout le monde.    <\/p>\n<\/div>\n\n\n\n<div class=\"wp-block-group is-layout-flow wp-container-core-group-is-layout-47e5a185 wp-block-group-is-layout-flow\">\n<h4 class=\"wp-block-heading has-text-grey-color has-text-color has-h-4-font-size\" style=\"font-style:normal;font-weight:500\">Catherine<\/h4>\n\n\n\n<p class=\"has-text-light-grey-color has-text-color\" style=\"font-size:14px;font-style:normal;font-weight:200;letter-spacing:1px;line-height:1.3\">sur, Facebook<\/p>\n<\/div>\n<\/div>\n\n\n\n<div class=\"wp-block-group is-layout-flow wp-block-group-is-layout-flow\">\n<div class=\"wp-block-group is-layout-flow wp-container-core-group-is-layout-47e5a185 wp-block-group-is-layout-flow\">\n<h2 class=\"wp-block-heading has-text-color\" style=\"color:#eff0e7;margin-top:0px;margin-right:0px;margin-bottom:0px;margin-left:0px;font-size:40px\"><i class=\"fa fa-quote-left\"><\/i><\/h2>\n\n\n\n<p class=\"has-text-light-grey-color has-text-color has-paragraphs-2-font-size\" style=\"font-style:normal;font-weight:200;letter-spacing:1px;line-height:1.3\">C\u2019est simplement le meilleur endroit pour des projets sur mesure! Les installateurs sont g\u00e9niaux, soucieux de la propret\u00e9 et des d\u00e9tails. Les designers et gestionnaires ont une attitude tr\u00e8s agr\u00e9able. Ils sont patients et prennent le temps de bien comprendre vos besoins et d\u00e9sirs. Pour mon dernier projet, il a fallu beaucoup de s\u00e9ances de remue-m\u00e9ninges, mais laissez-moi vous confirmer que le r\u00e9sultat final est encore meilleur que ce que j\u2019avais imagin\u00e9. Je recommande \u00e0 quiconque de ne faire affaire qu\u2019avec cette compagnie. Le service est tout simplement parfait.      <\/p>\n<\/div>\n\n\n\n<div class=\"wp-block-group is-layout-flow wp-container-core-group-is-layout-47e5a185 wp-block-group-is-layout-flow\">\n<h4 class=\"wp-block-heading has-text-grey-color has-text-color has-h-4-font-size\" style=\"font-style:normal;font-weight:500\">Alexa<\/h4>\n\n\n\n<p class=\"has-text-light-grey-color has-text-color\" style=\"font-size:14px;font-style:normal;font-weight:200;letter-spacing:1px;line-height:1.3\">sur, Facebook<\/p>\n<\/div>\n<\/div>\n\n\n\n<div class=\"wp-block-group is-layout-flow wp-block-group-is-layout-flow\">\n<div class=\"wp-block-group is-layout-flow wp-container-core-group-is-layout-47e5a185 wp-block-group-is-layout-flow\">\n<h2 class=\"wp-block-heading has-text-color\" style=\"color:#eff0e7;margin-top:0px;margin-right:0px;margin-bottom:0px;margin-left:0px;font-size:40px\"><i class=\"fa fa-quote-left\"><\/i><\/h2>\n\n\n\n<p class=\"has-text-light-grey-color has-text-color has-paragraphs-2-font-size\" style=\"font-style:normal;font-weight:200;letter-spacing:1px;line-height:1.3\">J\u2019adore mon walk-in !!!! Tr\u00e8s bon service, je recommande!<\/p>\n<\/div>\n\n\n\n<div class=\"wp-block-group is-layout-flow wp-container-core-group-is-layout-47e5a185 wp-block-group-is-layout-flow\">\n<h4 class=\"wp-block-heading has-text-grey-color has-text-color has-h-4-font-size\" style=\"font-style:normal;font-weight:500\">Jessica<\/h4>\n\n\n\n<p class=\"has-text-light-grey-color has-text-color\" style=\"font-size:14px;font-style:normal;font-weight:200;letter-spacing:1px;line-height:1.3\">sur, Facebook<\/p>\n<\/div>\n<\/div>\n<\/div>\n<\/div>\n<\/div>\n<\/div>\n\n\n\n<div class=\"wp-block-group has-light-bg-background-color has-background is-layout-flow wp-block-group-is-layout-flow\">\n<div class=\"wp-block-group is-layout-constrained wp-container-core-group-is-layout-fe8a5087 wp-block-group-is-layout-constrained\" style=\"padding-top:50px;padding-right:15px;padding-bottom:50px;padding-left:15px\">\n<h2 class=\"wp-block-heading has-text-grey-color has-text-color has-h-2-font-size\" style=\"font-style:normal;font-weight:300\">CONSULTATION GRATUITE<\/h2>\n\n\n\n<div class=\"wp-block-columns is-layout-flex wp-container-core-columns-is-layout-bb63363c wp-block-columns-is-layout-flex\">\n<div class=\"wp-block-column remove-on-small-screen is-layout-flow wp-block-column-is-layout-flow\">\n<figure class=\"wp-block-image size-full\"><img loading=\"lazy\" decoding=\"async\" width=\"600\" height=\"439\" src=\"https:\/\/www.stildesign.ca\/wp-content\/uploads\/2022\/08\/stil-203-FREE-CONSULTATION-BANNER.jpeg\" alt=\"\" class=\"wp-image-274\" srcset=\"https:\/\/www.stildesign.ca\/wp-content\/uploads\/2022\/08\/stil-203-FREE-CONSULTATION-BANNER.jpeg 600w, https:\/\/www.stildesign.ca\/wp-content\/uploads\/2022\/08\/stil-203-FREE-CONSULTATION-BANNER-300x220.jpeg 300w\" sizes=\"auto, (max-width: 600px) 100vw, 600px\" \/><\/figure>\n<\/div>\n\n\n\n<div class=\"wp-block-column is-layout-flow wp-block-column-is-layout-flow\">\n<h4 class=\"wp-block-heading has-text-grey-color has-text-color has-h-4-font-size\" style=\"font-style:normal;font-weight:300\">Nous sommes l\u00e0 pour vous aider!<\/h4>\n\n\n\n<p class=\"has-text-light-grey-color has-text-color has-paragraphs-2-font-size\" style=\"letter-spacing:1px;line-height:1.3\">De la conception \u00e0 la construction, notre \u00e9quipe est heureuse de vous aider. Communiquez avec nous et l\u2019un de nos designers vous r\u00e9pondra pour vous offrir notre expertise. Notre \u00e9quipe peut r\u00e9pondre \u00e0 toutes vos questions, alors qu\u2019attendons-nous pour amorcer votre projet!  <\/p>\n\n\n<div class=\"gb-button-wrapper gb-button-wrapper-ce939c8a\">\n\n<a class=\"gb-button gb-button-77451030 gb-button-text\" href=\"https:\/\/www.stildesign.ca\/fr\/contactez-nous\/\">R\u00c9SERVEZ VOTRE CONSULTATION GRATUITE<\/a>\n\n<\/div><\/div>\n<\/div>\n<\/div>\n<\/div>\n<\/div>\n","protected":false},"excerpt":{"rendered":"<p>Fournisseur de solutions de rangement personnalis\u00e9es depuis 1996 Depuis 20 ans, nous offrons aux r\u00e9sidents de la r\u00e9gion du Grand Montr\u00e9al des solutions de rangement et de garde-robes personnalis\u00e9es. Chez STIL Design, nous tirons une grande fiert\u00e9 de la qualit\u00e9 et de l\u2019authenticit\u00e9 de toutes nos installations. Comme notre entreprise est familiale, nous ne sommes [&hellip;]<\/p>\n","protected":false},"author":2,"featured_media":0,"parent":0,"menu_order":1,"comment_status":"closed","ping_status":"closed","template":"","meta":{"footnotes":""},"class_list":["post-1101","page","type-page","status-publish","hentry"],"yoast_head":"<!-- This site is optimized with the Yoast SEO plugin v27.4 - https:\/\/yoast.com\/product\/yoast-seo-wordpress\/ -->\n<title>\u00c0 Propos de Nous | STIL Design<\/title>\n<meta name=\"description\" content=\"Apprenez-en davantage sur STIL Design, votre expert en solutions de rangement personnalis\u00e9es \u00e0 Montr\u00e9al. Depuis 1996, nous offrons des services de qualit\u00e9 sup\u00e9rieure pour garde-robes, bureaux \u00e0 domicile, lits escamotables et plus. D\u00e9couvrez notre engagement envers l&#039;excellence et la satisfaction client.\" \/>\n<meta name=\"robots\" content=\"index, follow, max-snippet:-1, max-image-preview:large, max-video-preview:-1\" \/>\n<link rel=\"canonical\" href=\"https:\/\/www.stildesign.ca\/fr\/a-propos\/\" \/>\n<meta property=\"og:locale\" content=\"fr_FR\" \/>\n<meta property=\"og:type\" content=\"article\" \/>\n<meta property=\"og:title\" content=\"\u00c0 Propos de Nous | STIL Design\" \/>\n<meta property=\"og:description\" content=\"Apprenez-en davantage sur STIL Design, votre expert en solutions de rangement personnalis\u00e9es \u00e0 Montr\u00e9al. Depuis 1996, nous offrons des services de qualit\u00e9 sup\u00e9rieure pour garde-robes, bureaux \u00e0 domicile, lits escamotables et plus. D\u00e9couvrez notre engagement envers l&#039;excellence et la satisfaction client.\" \/>\n<meta property=\"og:url\" content=\"https:\/\/www.stildesign.ca\/fr\/a-propos\/\" \/>\n<meta property=\"og:site_name\" content=\"STIL Design\" \/>\n<meta property=\"article:publisher\" content=\"https:\/\/www.facebook.com\/STILDESIGN\/\" \/>\n<meta property=\"article:modified_time\" content=\"2025-07-25T17:52:25+00:00\" \/>\n<meta property=\"og:image\" content=\"https:\/\/www.stildesign.ca\/wp-content\/uploads\/2022\/08\/about-banner-1.jpeg\" \/>\n\t<meta property=\"og:image:width\" content=\"1700\" \/>\n\t<meta property=\"og:image:height\" content=\"566\" \/>\n\t<meta property=\"og:image:type\" content=\"image\/jpeg\" \/>\n<meta name=\"twitter:card\" content=\"summary_large_image\" \/>\n<meta name=\"twitter:label1\" content=\"Dur\u00e9e de lecture estim\u00e9e\" \/>\n\t<meta name=\"twitter:data1\" content=\"5 minutes\" \/>\n<script type=\"application\/ld+json\" class=\"yoast-schema-graph\">{\"@context\":\"https:\\\/\\\/schema.org\",\"@graph\":[{\"@type\":\"WebPage\",\"@id\":\"https:\\\/\\\/www.stildesign.ca\\\/fr\\\/a-propos\\\/\",\"url\":\"https:\\\/\\\/www.stildesign.ca\\\/fr\\\/a-propos\\\/\",\"name\":\"\u00c0 Propos de Nous | STIL Design\",\"isPartOf\":{\"@id\":\"https:\\\/\\\/www.stildesign.ca\\\/fr\\\/#website\"},\"primaryImageOfPage\":{\"@id\":\"https:\\\/\\\/www.stildesign.ca\\\/fr\\\/a-propos\\\/#primaryimage\"},\"image\":{\"@id\":\"https:\\\/\\\/www.stildesign.ca\\\/fr\\\/a-propos\\\/#primaryimage\"},\"thumbnailUrl\":\"https:\\\/\\\/www.stildesign.ca\\\/wp-content\\\/uploads\\\/2022\\\/08\\\/about-banner-1.jpeg\",\"datePublished\":\"2022-08-08T21:24:58+00:00\",\"dateModified\":\"2025-07-25T17:52:25+00:00\",\"description\":\"Apprenez-en davantage sur STIL Design, votre expert en solutions de rangement personnalis\u00e9es \u00e0 Montr\u00e9al. Depuis 1996, nous offrons des services de qualit\u00e9 sup\u00e9rieure pour garde-robes, bureaux \u00e0 domicile, lits escamotables et plus. D\u00e9couvrez notre engagement envers l'excellence et la satisfaction client.\",\"breadcrumb\":{\"@id\":\"https:\\\/\\\/www.stildesign.ca\\\/fr\\\/a-propos\\\/#breadcrumb\"},\"inLanguage\":\"fr-FR\",\"potentialAction\":[{\"@type\":\"ReadAction\",\"target\":[\"https:\\\/\\\/www.stildesign.ca\\\/fr\\\/a-propos\\\/\"]}]},{\"@type\":\"ImageObject\",\"inLanguage\":\"fr-FR\",\"@id\":\"https:\\\/\\\/www.stildesign.ca\\\/fr\\\/a-propos\\\/#primaryimage\",\"url\":\"https:\\\/\\\/www.stildesign.ca\\\/wp-content\\\/uploads\\\/2022\\\/08\\\/about-banner-1.jpeg\",\"contentUrl\":\"https:\\\/\\\/www.stildesign.ca\\\/wp-content\\\/uploads\\\/2022\\\/08\\\/about-banner-1.jpeg\"},{\"@type\":\"BreadcrumbList\",\"@id\":\"https:\\\/\\\/www.stildesign.ca\\\/fr\\\/a-propos\\\/#breadcrumb\",\"itemListElement\":[{\"@type\":\"ListItem\",\"position\":1,\"name\":\"Home\",\"item\":\"https:\\\/\\\/www.stildesign.ca\\\/fr\\\/\"},{\"@type\":\"ListItem\",\"position\":2,\"name\":\"\u00c0 PROPOS\"}]},{\"@type\":\"WebSite\",\"@id\":\"https:\\\/\\\/www.stildesign.ca\\\/fr\\\/#website\",\"url\":\"https:\\\/\\\/www.stildesign.ca\\\/fr\\\/\",\"name\":\"STIL Design\",\"description\":\"Premium Custom Storage Solutions Montreal\",\"publisher\":{\"@id\":\"https:\\\/\\\/www.stildesign.ca\\\/fr\\\/#organization\"},\"potentialAction\":[{\"@type\":\"SearchAction\",\"target\":{\"@type\":\"EntryPoint\",\"urlTemplate\":\"https:\\\/\\\/www.stildesign.ca\\\/fr\\\/?s={search_term_string}\"},\"query-input\":{\"@type\":\"PropertyValueSpecification\",\"valueRequired\":true,\"valueName\":\"search_term_string\"}}],\"inLanguage\":\"fr-FR\"},{\"@type\":\"Organization\",\"@id\":\"https:\\\/\\\/www.stildesign.ca\\\/fr\\\/#organization\",\"name\":\"STIL Design\",\"url\":\"https:\\\/\\\/www.stildesign.ca\\\/fr\\\/\",\"logo\":{\"@type\":\"ImageObject\",\"inLanguage\":\"fr-FR\",\"@id\":\"https:\\\/\\\/www.stildesign.ca\\\/fr\\\/#\\\/schema\\\/logo\\\/image\\\/\",\"url\":\"https:\\\/\\\/www.stildesign.ca\\\/wp-content\\\/uploads\\\/2024\\\/07\\\/stil-logo-web-ca.jpg\",\"contentUrl\":\"https:\\\/\\\/www.stildesign.ca\\\/wp-content\\\/uploads\\\/2024\\\/07\\\/stil-logo-web-ca.jpg\",\"width\":690,\"height\":690,\"caption\":\"STIL Design\"},\"image\":{\"@id\":\"https:\\\/\\\/www.stildesign.ca\\\/fr\\\/#\\\/schema\\\/logo\\\/image\\\/\"},\"sameAs\":[\"https:\\\/\\\/www.facebook.com\\\/STILDESIGN\\\/\"]}]}<\/script>\n<!-- \/ Yoast SEO plugin. -->","yoast_head_json":{"title":"\u00c0 Propos de Nous | STIL Design","description":"Apprenez-en davantage sur STIL Design, votre expert en solutions de rangement personnalis\u00e9es \u00e0 Montr\u00e9al. Depuis 1996, nous offrons des services de qualit\u00e9 sup\u00e9rieure pour garde-robes, bureaux \u00e0 domicile, lits escamotables et plus. D\u00e9couvrez notre engagement envers l'excellence et la satisfaction client.","robots":{"index":"index","follow":"follow","max-snippet":"max-snippet:-1","max-image-preview":"max-image-preview:large","max-video-preview":"max-video-preview:-1"},"canonical":"https:\/\/www.stildesign.ca\/fr\/a-propos\/","og_locale":"fr_FR","og_type":"article","og_title":"\u00c0 Propos de Nous | STIL Design","og_description":"Apprenez-en davantage sur STIL Design, votre expert en solutions de rangement personnalis\u00e9es \u00e0 Montr\u00e9al. Depuis 1996, nous offrons des services de qualit\u00e9 sup\u00e9rieure pour garde-robes, bureaux \u00e0 domicile, lits escamotables et plus. D\u00e9couvrez notre engagement envers l'excellence et la satisfaction client.","og_url":"https:\/\/www.stildesign.ca\/fr\/a-propos\/","og_site_name":"STIL Design","article_publisher":"https:\/\/www.facebook.com\/STILDESIGN\/","article_modified_time":"2025-07-25T17:52:25+00:00","og_image":[{"width":1700,"height":566,"url":"https:\/\/www.stildesign.ca\/wp-content\/uploads\/2022\/08\/about-banner-1.jpeg","type":"image\/jpeg"}],"twitter_card":"summary_large_image","twitter_misc":{"Dur\u00e9e de lecture estim\u00e9e":"5 minutes"},"schema":{"@context":"https:\/\/schema.org","@graph":[{"@type":"WebPage","@id":"https:\/\/www.stildesign.ca\/fr\/a-propos\/","url":"https:\/\/www.stildesign.ca\/fr\/a-propos\/","name":"\u00c0 Propos de Nous | STIL Design","isPartOf":{"@id":"https:\/\/www.stildesign.ca\/fr\/#website"},"primaryImageOfPage":{"@id":"https:\/\/www.stildesign.ca\/fr\/a-propos\/#primaryimage"},"image":{"@id":"https:\/\/www.stildesign.ca\/fr\/a-propos\/#primaryimage"},"thumbnailUrl":"https:\/\/www.stildesign.ca\/wp-content\/uploads\/2022\/08\/about-banner-1.jpeg","datePublished":"2022-08-08T21:24:58+00:00","dateModified":"2025-07-25T17:52:25+00:00","description":"Apprenez-en davantage sur STIL Design, votre expert en solutions de rangement personnalis\u00e9es \u00e0 Montr\u00e9al. Depuis 1996, nous offrons des services de qualit\u00e9 sup\u00e9rieure pour garde-robes, bureaux \u00e0 domicile, lits escamotables et plus. D\u00e9couvrez notre engagement envers l'excellence et la satisfaction client.","breadcrumb":{"@id":"https:\/\/www.stildesign.ca\/fr\/a-propos\/#breadcrumb"},"inLanguage":"fr-FR","potentialAction":[{"@type":"ReadAction","target":["https:\/\/www.stildesign.ca\/fr\/a-propos\/"]}]},{"@type":"ImageObject","inLanguage":"fr-FR","@id":"https:\/\/www.stildesign.ca\/fr\/a-propos\/#primaryimage","url":"https:\/\/www.stildesign.ca\/wp-content\/uploads\/2022\/08\/about-banner-1.jpeg","contentUrl":"https:\/\/www.stildesign.ca\/wp-content\/uploads\/2022\/08\/about-banner-1.jpeg"},{"@type":"BreadcrumbList","@id":"https:\/\/www.stildesign.ca\/fr\/a-propos\/#breadcrumb","itemListElement":[{"@type":"ListItem","position":1,"name":"Home","item":"https:\/\/www.stildesign.ca\/fr\/"},{"@type":"ListItem","position":2,"name":"\u00c0 PROPOS"}]},{"@type":"WebSite","@id":"https:\/\/www.stildesign.ca\/fr\/#website","url":"https:\/\/www.stildesign.ca\/fr\/","name":"STIL Design","description":"Premium Custom Storage Solutions Montreal","publisher":{"@id":"https:\/\/www.stildesign.ca\/fr\/#organization"},"potentialAction":[{"@type":"SearchAction","target":{"@type":"EntryPoint","urlTemplate":"https:\/\/www.stildesign.ca\/fr\/?s={search_term_string}"},"query-input":{"@type":"PropertyValueSpecification","valueRequired":true,"valueName":"search_term_string"}}],"inLanguage":"fr-FR"},{"@type":"Organization","@id":"https:\/\/www.stildesign.ca\/fr\/#organization","name":"STIL Design","url":"https:\/\/www.stildesign.ca\/fr\/","logo":{"@type":"ImageObject","inLanguage":"fr-FR","@id":"https:\/\/www.stildesign.ca\/fr\/#\/schema\/logo\/image\/","url":"https:\/\/www.stildesign.ca\/wp-content\/uploads\/2024\/07\/stil-logo-web-ca.jpg","contentUrl":"https:\/\/www.stildesign.ca\/wp-content\/uploads\/2024\/07\/stil-logo-web-ca.jpg","width":690,"height":690,"caption":"STIL Design"},"image":{"@id":"https:\/\/www.stildesign.ca\/fr\/#\/schema\/logo\/image\/"},"sameAs":["https:\/\/www.facebook.com\/STILDESIGN\/"]}]}},"_links":{"self":[{"href":"https:\/\/www.stildesign.ca\/fr\/wp-json\/wp\/v2\/pages\/1101","targetHints":{"allow":["GET"]}}],"collection":[{"href":"https:\/\/www.stildesign.ca\/fr\/wp-json\/wp\/v2\/pages"}],"about":[{"href":"https:\/\/www.stildesign.ca\/fr\/wp-json\/wp\/v2\/types\/page"}],"author":[{"embeddable":true,"href":"https:\/\/www.stildesign.ca\/fr\/wp-json\/wp\/v2\/users\/2"}],"replies":[{"embeddable":true,"href":"https:\/\/www.stildesign.ca\/fr\/wp-json\/wp\/v2\/comments?post=1101"}],"version-history":[{"count":8,"href":"https:\/\/www.stildesign.ca\/fr\/wp-json\/wp\/v2\/pages\/1101\/revisions"}],"predecessor-version":[{"id":2014,"href":"https:\/\/www.stildesign.ca\/fr\/wp-json\/wp\/v2\/pages\/1101\/revisions\/2014"}],"wp:attachment":[{"href":"https:\/\/www.stildesign.ca\/fr\/wp-json\/wp\/v2\/media?parent=1101"}],"curies":[{"name":"wp","href":"https:\/\/api.w.org\/{rel}","templated":true}]}}