{"id":1049,"date":"2022-08-08T17:17:50","date_gmt":"2022-08-08T21:17:50","guid":{"rendered":"https:\/\/www.stildesign.ca\/accueil\/"},"modified":"2024-07-25T12:28:11","modified_gmt":"2024-07-25T16:28:11","slug":"accueil","status":"publish","type":"page","link":"https:\/\/www.stildesign.ca\/fr\/","title":{"rendered":"Accueil"},"content":{"rendered":"\n<div class=\"wp-block-group is-layout-flow wp-container-core-group-is-layout-47e5a185 wp-block-group-is-layout-flow\">\n<div class=\"wp-block-group alignfull is-layout-flow wp-container-core-group-is-layout-47e5a185 wp-block-group-is-layout-flow\">\n<div class=\"wp-block-cover is-light no-min-height\" style=\"min-height:655px;aspect-ratio:unset;\"><span aria-hidden=\"true\" class=\"wp-block-cover__background has-background-dim-30 has-background-dim\"><\/span><video class=\"wp-block-cover__video-background intrinsic-ignore\" autoplay muted loop playsinline src=\"https:\/\/www.stildesign.ca\/wp-content\/uploads\/2022\/08\/stil_homepage_2.mp4\" style=\"object-position:50% 50%\" data-object-fit=\"cover\" data-object-position=\"50% 50%\"><\/video><div class=\"wp-block-cover__inner-container is-layout-flow wp-block-cover-is-layout-flow\">\n<div class=\"wp-block-group is-layout-constrained wp-container-core-group-is-layout-163f1aaa wp-block-group-is-layout-constrained\" style=\"padding-top:30px;padding-right:30px;padding-bottom:30px;padding-left:30px\">\n<h1 class=\"wp-block-heading has-white-color has-text-color has-h-1-font-size\" style=\"margin-top:0px;margin-bottom:66px;font-style:normal;font-weight:400\">Pour cr\u00e9er plus d&rsquo;espace dans votre espace.<\/h1>\n\n\n\n<p class=\"has-white-color has-text-color has-h-5-font-size\" style=\"letter-spacing:1px;line-height:1.3\">Solutions sur mesure pour tous vos besoins de rangement<\/p>\n\n\n<div class=\"gb-button-wrapper gb-button-wrapper-2a290317\">\n\n<a class=\"gb-button gb-button-d26dddc6 gb-button-text\" href=\"https:\/\/www.stildesign.ca\/fr\/projets\/\">Voir nos projets<\/a>\n\n<\/div><\/div>\n<\/div><\/div>\n<\/div>\n\n\n\n<div class=\"wp-block-group is-layout-constrained wp-container-core-group-is-layout-cb431d0a wp-block-group-is-layout-constrained\" style=\"padding-top:50px;padding-right:15px;padding-bottom:50px;padding-left:15px\">\n<div class=\"wp-block-columns is-layout-flex wp-container-core-columns-is-layout-b3cb834b wp-block-columns-is-layout-flex\">\n<div class=\"wp-block-column is-layout-flow wp-block-column-is-layout-flow\" style=\"flex-basis:30%\">\n<div class=\"wp-block-group is-layout-constrained wp-container-core-group-is-layout-05602b00 wp-block-group-is-layout-constrained\">\n<h4 class=\"wp-block-heading has-text-grey-color has-text-color has-h-4-font-size\" style=\"margin-top:0px;margin-bottom:10px;font-style:normal;font-weight:300\">20 ans d\u2019exp\u00e9rience<\/h4>\n\n\n\n<p class=\"has-text-light-grey-color has-text-color has-paragraphs-2-font-size\" style=\"font-style:normal;font-weight:400;letter-spacing:1px;line-height:1.3\">Depuis 20 ans, nous avons mis\u00e9 sur notre expertise pour vous fournir des solutions de rangement personnalis\u00e9es. Vous \u00eates uniques, tout comme le sont vos besoins de rangement, alors laissez-nous r\u00e9aliser la garde-robe et les espaces de rangement de vos r\u00eaves! <\/p>\n\n\n<div class=\"gb-button-wrapper gb-button-wrapper-d00e52e4\">\n\n<a class=\"gb-button gb-button-4911c707 gb-button-text\" href=\"https:\/\/www.stildesign.ca\/fr\/a-propos\/equipe\/\">\u00c0 PROPOS DE L\u2019\u00c9QUIPE<\/a>\n\n<\/div><\/div>\n<\/div>\n\n\n\n<div class=\"wp-block-column is-layout-flow wp-block-column-is-layout-flow\" style=\"flex-basis:70%\">\n<div class=\"wp-block-columns is-layout-flex wp-container-core-columns-is-layout-28f84493 wp-block-columns-is-layout-flex\">\n<div class=\"wp-block-column is-vertically-aligned-center is-layout-flow wp-block-column-is-layout-flow\" style=\"padding-top:20px\">\n<div class=\"wp-block-columns is-layout-flex wp-container-core-columns-is-layout-28f84493 wp-block-columns-is-layout-flex\">\n<div class=\"wp-block-column is-layout-flow wp-block-column-is-layout-flow\">\n<div class=\"wp-block-group home-pg-icon-opacity is-layout-flow wp-block-group-is-layout-flow\">\n<figure class=\"wp-block-image aligncenter size-full home-pg-icon-opacity\"><img loading=\"lazy\" decoding=\"async\" width=\"150\" height=\"137\" src=\"https:\/\/www.stildesign.ca\/wp-content\/uploads\/2022\/08\/family-business-icon.png\" alt=\"\" class=\"wp-image-111\"\/><\/figure>\n\n\n\n<h4 class=\"wp-block-heading has-text-align-center has-h-5-font-size\" style=\"font-style:normal;font-weight:400\">Une entreprise familiale<\/h4>\n<\/div>\n<\/div>\n\n\n\n<div class=\"wp-block-column is-layout-flow wp-block-column-is-layout-flow\">\n<div class=\"wp-block-group home-pg-icon-opacity is-layout-flow wp-block-group-is-layout-flow\">\n<figure class=\"wp-block-image aligncenter size-full\"><img loading=\"lazy\" decoding=\"async\" width=\"150\" height=\"137\" src=\"https:\/\/www.stildesign.ca\/wp-content\/uploads\/2022\/08\/organized-icon.png\" alt=\"\" class=\"wp-image-113\"\/><\/figure>\n\n\n\n<h4 class=\"wp-block-heading has-text-align-center has-h-5-font-size\" style=\"font-style:normal;font-weight:400\">Des solutions sur mesure pour tous vos besoins de rangement<\/h4>\n<\/div>\n<\/div>\n<\/div>\n<\/div>\n\n\n\n<div class=\"wp-block-column is-vertically-aligned-top is-layout-flow wp-block-column-is-layout-flow\" style=\"padding-top:20px\">\n<div class=\"wp-block-columns is-layout-flex wp-container-core-columns-is-layout-28f84493 wp-block-columns-is-layout-flex\">\n<div class=\"wp-block-column is-layout-flow wp-block-column-is-layout-flow\">\n<div class=\"wp-block-group home-pg-icon-opacity is-layout-flow wp-block-group-is-layout-flow\">\n<figure class=\"wp-block-image aligncenter size-full\"><img loading=\"lazy\" decoding=\"async\" width=\"150\" height=\"137\" src=\"https:\/\/www.stildesign.ca\/wp-content\/uploads\/2022\/08\/customer-service-icon.png\" alt=\"\" class=\"wp-image-114\"\/><\/figure>\n\n\n\n<h4 class=\"wp-block-heading has-text-align-center has-h-5-font-size\" style=\"font-style:normal;font-weight:400\">Un service \u00e0 la client\u00e8le personnalis\u00e9<\/h4>\n<\/div>\n<\/div>\n\n\n\n<div class=\"wp-block-column is-layout-flow wp-block-column-is-layout-flow\">\n<div class=\"wp-block-group home-pg-icon-opacity is-layout-flow wp-block-group-is-layout-flow\">\n<figure class=\"wp-block-image aligncenter size-full\"><img loading=\"lazy\" decoding=\"async\" width=\"150\" height=\"137\" src=\"https:\/\/www.stildesign.ca\/wp-content\/uploads\/2022\/08\/basement-attic-icon.png\" alt=\"\" class=\"wp-image-115\"\/><\/figure>\n\n\n\n<h4 class=\"wp-block-heading has-text-align-center has-h-5-font-size\" style=\"font-style:normal;font-weight:400\">Des r\u00e9sultats qui r\u00e9pondent \u00e0 vos besoins, du sous-sol au grenier<\/h4>\n<\/div>\n<\/div>\n<\/div>\n<\/div>\n<\/div>\n<\/div>\n<\/div>\n<\/div>\n\n\n\n<div class=\"wp-block-group alignfull orange-animation-block h-700px is-layout-flow wp-block-group-is-layout-flow\" style=\"padding-top:0px;padding-right:0px;padding-bottom:0px;padding-left:0px\">\n<div class=\"wp-block-columns split-columns-2x2 is-layout-flex wp-container-core-columns-is-layout-d2ca7aa4 wp-block-columns-is-layout-flex\">\n<div class=\"wp-block-column is-layout-flow wp-block-column-is-layout-flow\">\n<div class=\"wp-block-columns is-layout-flex wp-container-core-columns-is-layout-d2ca7aa4 wp-block-columns-is-layout-flex\">\n<div class=\"wp-block-column is-layout-flow wp-block-column-is-layout-flow\"><a     class=\"wp-block-tiptip-hyperlink-group-block\" >\n<div class=\"wp-block-cover is-light\" style=\"padding-top:10px;padding-right:10px;padding-bottom:10px;padding-left:10px;min-height:700px;aspect-ratio:unset;\"><span aria-hidden=\"true\" class=\"wp-block-cover__background has-background-dim-20 has-background-dim\"><\/span><img loading=\"lazy\" decoding=\"async\" width=\"500\" height=\"763\" class=\"wp-block-cover__image-background wp-image-124\" alt=\"\" src=\"https:\/\/www.stildesign.ca\/wp-content\/uploads\/2022\/08\/closet-space.jpeg\" data-object-fit=\"cover\" srcset=\"https:\/\/www.stildesign.ca\/wp-content\/uploads\/2022\/08\/closet-space.jpeg 500w, https:\/\/www.stildesign.ca\/wp-content\/uploads\/2022\/08\/closet-space-197x300.jpeg 197w\" sizes=\"auto, (max-width: 500px) 100vw, 500px\" \/><div class=\"wp-block-cover__inner-container is-layout-flow wp-block-cover-is-layout-flow\">\n<div class=\"wp-block-group orange-overlay-animation translate-overlay-1 is-layout-flow wp-block-group-is-layout-flow\"><\/div>\n\n\n\n<h2 class=\"has-text-align-center has-white-color has-text-color wp-block-heading\" style=\"font-size:2.2rem;font-style:normal;font-weight:600;text-transform:uppercase;letter-spacing:4px;margin-top:2rem;margin-bottom:2rem\">GARDE-ROBE<\/h2>\n\n\n\n<p class=\"has-text-align-center has-white-color has-text-color\" style=\"font-size:1rem;line-height:1.7\">Simplifiez-vous la vie en choisissant l\u2019une de nos garde-robes faites sur mesure. Vous pourrez enfin consacrer plus de temps \u00e0 vous pr\u00e9parer et moins \u00e0 chercher ce dont vous avez besoin dans votre garde-robe. <\/p>\n\n\n\n<div class=\"wp-block-group orange-overlay-animation translate-overlay-2 is-layout-flow wp-block-group-is-layout-flow\"><\/div>\n<\/div><\/div>\n<\/a><\/div>\n\n\n\n<div class=\"wp-block-column is-layout-flow wp-block-column-is-layout-flow\"><a     class=\"wp-block-tiptip-hyperlink-group-block\" >\n<div class=\"wp-block-cover\" style=\"padding-top:10px;padding-right:10px;padding-bottom:10px;padding-left:10px;min-height:700px;aspect-ratio:unset;\"><span aria-hidden=\"true\" class=\"wp-block-cover__background has-background-dim-20 has-background-dim\"><\/span><img loading=\"lazy\" decoding=\"async\" width=\"500\" height=\"763\" class=\"wp-block-cover__image-background wp-image-125\" alt=\"\" src=\"https:\/\/www.stildesign.ca\/wp-content\/uploads\/2022\/08\/personal-space-2.jpeg\" data-object-fit=\"cover\" srcset=\"https:\/\/www.stildesign.ca\/wp-content\/uploads\/2022\/08\/personal-space-2.jpeg 500w, https:\/\/www.stildesign.ca\/wp-content\/uploads\/2022\/08\/personal-space-2-197x300.jpeg 197w\" sizes=\"auto, (max-width: 500px) 100vw, 500px\" \/><div class=\"wp-block-cover__inner-container is-layout-flow wp-block-cover-is-layout-flow\">\n<div class=\"wp-block-group orange-overlay-animation translate-overlay-1 is-layout-flow wp-block-group-is-layout-flow\"><\/div>\n\n\n\n<h2 class=\"has-text-align-center has-white-color has-text-color wp-block-heading\" style=\"font-size:2.2rem;font-style:normal;font-weight:600;text-transform:uppercase;letter-spacing:4px;margin-top:2rem;margin-bottom:2rem\">ESPACE PERSONNEL<\/h2>\n\n\n\n<p class=\"has-text-align-center has-white-color has-text-color\" style=\"font-size:1rem;line-height:1.7\">Que vous vouliez travailler de la maison, relaxer devant la t\u00e9l\u00e9vision ou accueillir des amis, votre espace personnel devrait refl\u00e9ter votre personnalit\u00e9. Jetez un coup d\u2019\u0153il \u00e0 nos solutions sur mesure et laissez-nous personnaliser la v\u00f4tre selon votre style. <\/p>\n\n\n\n<div class=\"wp-block-group orange-overlay-animation translate-overlay-2 is-layout-flow wp-block-group-is-layout-flow\"><\/div>\n<\/div><\/div>\n<\/a><\/div>\n<\/div>\n<\/div>\n\n\n\n<div class=\"wp-block-column is-layout-flow wp-block-column-is-layout-flow\">\n<div class=\"wp-block-columns is-layout-flex wp-container-core-columns-is-layout-d2ca7aa4 wp-block-columns-is-layout-flex\">\n<div class=\"wp-block-column is-layout-flow wp-block-column-is-layout-flow\"><a     class=\"wp-block-tiptip-hyperlink-group-block\" >\n<div class=\"wp-block-cover\" style=\"padding-top:10px;padding-right:10px;padding-bottom:10px;padding-left:10px;min-height:700px;aspect-ratio:unset;\"><span aria-hidden=\"true\" class=\"wp-block-cover__background has-background-dim-20 has-background-dim\"><\/span><img loading=\"lazy\" decoding=\"async\" width=\"481\" height=\"700\" class=\"wp-block-cover__image-background wp-image-126\" alt=\"\" src=\"https:\/\/www.stildesign.ca\/wp-content\/uploads\/2022\/08\/utility-space-2.jpeg\" data-object-fit=\"cover\" srcset=\"https:\/\/www.stildesign.ca\/wp-content\/uploads\/2022\/08\/utility-space-2.jpeg 481w, https:\/\/www.stildesign.ca\/wp-content\/uploads\/2022\/08\/utility-space-2-206x300.jpeg 206w\" sizes=\"auto, (max-width: 481px) 100vw, 481px\" \/><div class=\"wp-block-cover__inner-container is-layout-flow wp-block-cover-is-layout-flow\">\n<div class=\"wp-block-group orange-overlay-animation translate-overlay-1 is-layout-flow wp-block-group-is-layout-flow\"><\/div>\n\n\n\n<h2 class=\"has-text-align-center has-white-color has-text-color wp-block-heading\" style=\"font-size:2.2rem;font-style:normal;font-weight:600;text-transform:uppercase;letter-spacing:4px;margin-top:2rem;margin-bottom:2rem\">Espace m\u00e9nager<\/h2>\n\n\n\n<p class=\"has-text-align-center has-white-color has-text-color\" style=\"font-size:1rem;line-height:1.7\">Nous voulons vous aider \u00e0 tirer le maximum de votre espace, que ce soit le garage, le vestibule ou la buanderie.<\/p>\n\n\n\n<div class=\"wp-block-group orange-overlay-animation translate-overlay-2 is-layout-flow wp-block-group-is-layout-flow\"><\/div>\n<\/div><\/div>\n<\/a><\/div>\n\n\n\n<div class=\"wp-block-column is-layout-flow wp-block-column-is-layout-flow\"><a     class=\"wp-block-tiptip-hyperlink-group-block\" >\n<div class=\"wp-block-cover\" style=\"padding-top:10px;padding-right:10px;padding-bottom:10px;padding-left:10px;min-height:700px;aspect-ratio:unset;\"><span aria-hidden=\"true\" class=\"wp-block-cover__background has-background-dim-20 has-background-dim\"><\/span><img loading=\"lazy\" decoding=\"async\" width=\"500\" height=\"763\" class=\"wp-block-cover__image-background wp-image-127\" alt=\"\" src=\"https:\/\/www.stildesign.ca\/wp-content\/uploads\/2022\/08\/accessories.jpeg\" data-object-fit=\"cover\" srcset=\"https:\/\/www.stildesign.ca\/wp-content\/uploads\/2022\/08\/accessories.jpeg 500w, https:\/\/www.stildesign.ca\/wp-content\/uploads\/2022\/08\/accessories-197x300.jpeg 197w\" sizes=\"auto, (max-width: 500px) 100vw, 500px\" \/><div class=\"wp-block-cover__inner-container is-layout-flow wp-block-cover-is-layout-flow\">\n<div class=\"wp-block-group orange-overlay-animation translate-overlay-1 is-layout-flow wp-block-group-is-layout-flow\"><\/div>\n\n\n\n<h2 class=\"has-text-align-center has-white-color has-text-color wp-block-heading\" style=\"font-size:2.2rem;font-style:normal;font-weight:600;text-transform:uppercase;letter-spacing:4px;margin-top:2rem;margin-bottom:2rem\">ACCESSOIRES ET BIEN PLUS<\/h2>\n\n\n\n<p class=\"has-text-align-center has-white-color has-text-color\" style=\"font-size:1rem;line-height:1.7\">Nous adaptons la conception de nos accessoires, car nous ne voulons pas seulement vous faciliter la vie, nous voulons contribuer \u00e0 l\u2019am\u00e9liorer.<\/p>\n\n\n\n<div class=\"wp-block-group orange-overlay-animation translate-overlay-2 is-layout-flow wp-block-group-is-layout-flow\"><\/div>\n<\/div><\/div>\n<\/a><\/div>\n<\/div>\n<\/div>\n<\/div>\n<\/div>\n\n\n\n<div class=\"wp-block-group alignfull is-layout-constrained wp-container-core-group-is-layout-5f1cb02f wp-block-group-is-layout-constrained\" style=\"padding-top:106px;padding-right:15px;padding-bottom:50px;padding-left:15px\">\n<h2 class=\"wp-block-heading has-text-align-center has-text-grey-color has-text-color has-h-2-font-size\" style=\"margin-bottom:44px;font-style:normal;font-weight:300;text-transform:uppercase\">Catalogues<\/h2>\n\n\n\n<div class=\"wp-block-columns is-layout-flex wp-container-core-columns-is-layout-d2ca7aa4 wp-block-columns-is-layout-flex\">\n<div class=\"wp-block-column is-layout-flow wp-container-core-column-is-layout-3663d168 wp-block-column-is-layout-flow\" style=\"padding-top:15px;padding-right:15px;padding-bottom:15px;padding-left:15px\">\n<div class=\"wp-block-group is-layout-constrained wp-container-core-group-is-layout-70967257 wp-block-group-is-layout-constrained\">\n<figure class=\"wp-block-image size-full\"><a href=\"https:\/\/www.stildesign.ca\/fr\/catalogues\/#finishes-anchor\"><img loading=\"lazy\" decoding=\"async\" width=\"480\" height=\"380\" src=\"https:\/\/www.stildesign.ca\/wp-content\/uploads\/2022\/08\/FINISHES-PHOTO.jpeg\" alt=\"\" class=\"wp-image-134\" srcset=\"https:\/\/www.stildesign.ca\/wp-content\/uploads\/2022\/08\/FINISHES-PHOTO.jpeg 480w, https:\/\/www.stildesign.ca\/wp-content\/uploads\/2022\/08\/FINISHES-PHOTO-300x238.jpeg 300w\" sizes=\"auto, (max-width: 480px) 100vw, 480px\" \/><\/a><\/figure>\n\n\n\n<p class=\"has-text-align-left has-text-light-grey-color has-text-color\" style=\"letter-spacing:1px\">Finis<\/p>\n<\/div>\n<\/div>\n\n\n\n<div class=\"wp-block-column is-layout-flow wp-container-core-column-is-layout-3663d168 wp-block-column-is-layout-flow\" style=\"padding-top:15px;padding-right:15px;padding-bottom:15px;padding-left:15px\">\n<div class=\"wp-block-group is-layout-constrained wp-container-core-group-is-layout-70967257 wp-block-group-is-layout-constrained\">\n<figure class=\"wp-block-image size-full\"><a href=\"https:\/\/www.stildesign.ca\/fr\/catalogues\/#handles-anchor\"><img loading=\"lazy\" decoding=\"async\" width=\"480\" height=\"380\" src=\"https:\/\/www.stildesign.ca\/wp-content\/uploads\/2022\/08\/handles.jpeg\" alt=\"\" class=\"wp-image-135\" srcset=\"https:\/\/www.stildesign.ca\/wp-content\/uploads\/2022\/08\/handles.jpeg 480w, https:\/\/www.stildesign.ca\/wp-content\/uploads\/2022\/08\/handles-300x238.jpeg 300w\" sizes=\"auto, (max-width: 480px) 100vw, 480px\" \/><\/a><\/figure>\n\n\n\n<p class=\"has-text-align-left has-text-light-grey-color has-text-color\" style=\"letter-spacing:1px\">Poign\u00e9es et quincaillerie<\/p>\n<\/div>\n<\/div>\n\n\n\n<div class=\"wp-block-column is-layout-flow wp-container-core-column-is-layout-3663d168 wp-block-column-is-layout-flow\" style=\"padding-top:15px;padding-right:15px;padding-bottom:15px;padding-left:15px\">\n<div class=\"wp-block-group is-layout-constrained wp-container-core-group-is-layout-70967257 wp-block-group-is-layout-constrained\">\n<figure class=\"wp-block-image size-full\"><a href=\"https:\/\/www.stildesign.ca\/fr\/catalogues\/#closets-anchor\"><img decoding=\"async\" src=\"https:\/\/www.stildesign.ca\/wp-content\/uploads\/2022\/08\/Accessories-photo-480.jpeg\" alt=\"\" class=\"wp-image-136\"\/><\/a><\/figure>\n\n\n\n<p class=\"has-text-align-left has-text-light-grey-color has-text-color\" style=\"letter-spacing:1px\">Accessoires de garde-robe<\/p>\n<\/div>\n<\/div>\n<\/div>\n\n\n\n<div class=\"wp-block-columns are-vertically-aligned-center is-layout-flex wp-container-core-columns-is-layout-90d9074e wp-block-columns-is-layout-flex\" style=\"margin-top:0px;margin-bottom:0px\">\n<div class=\"wp-block-column remove-for-small-screen is-layout-flow wp-block-column-is-layout-flow\" style=\"flex-basis:15%\"><\/div>\n\n\n\n<div class=\"wp-block-column is-vertically-aligned-center is-layout-flow wp-container-core-column-is-layout-3e6a3980 wp-block-column-is-layout-flow\" style=\"padding-top:15px;padding-right:15px;padding-bottom:15px;padding-left:15px\">\n<div class=\"wp-block-group is-layout-constrained wp-container-core-group-is-layout-70967257 wp-block-group-is-layout-constrained\">\n<figure class=\"wp-block-image size-full\"><a href=\"https:\/\/www.stildesign.ca\/fr\/catalogues\/#lighting-anchor\"><img loading=\"lazy\" decoding=\"async\" width=\"479\" height=\"379\" src=\"https:\/\/www.stildesign.ca\/wp-content\/uploads\/2022\/08\/stil-46-lighting-shoes-1-e1660059530128.jpeg\" alt=\"\" class=\"wp-image-149\" srcset=\"https:\/\/www.stildesign.ca\/wp-content\/uploads\/2022\/08\/stil-46-lighting-shoes-1-e1660059530128.jpeg 479w, https:\/\/www.stildesign.ca\/wp-content\/uploads\/2022\/08\/stil-46-lighting-shoes-1-e1660059530128-300x237.jpeg 300w\" sizes=\"auto, (max-width: 479px) 100vw, 479px\" \/><\/a><\/figure>\n\n\n\n<p class=\"has-text-align-left has-text-light-grey-color has-text-color\" style=\"letter-spacing:1px\">\u00c9clairage<\/p>\n<\/div>\n<\/div>\n\n\n\n<div class=\"wp-block-column is-vertically-aligned-center is-layout-flow wp-container-core-column-is-layout-3e6a3980 wp-block-column-is-layout-flow\" style=\"padding-top:15px;padding-right:15px;padding-bottom:15px;padding-left:15px\">\n<div class=\"wp-block-group is-layout-constrained wp-container-core-group-is-layout-70967257 wp-block-group-is-layout-constrained\">\n<figure class=\"wp-block-image size-full\"><a href=\"https:\/\/www.stildesign.ca\/fr\/catalogues\/#garage-anchor\"><img loading=\"lazy\" decoding=\"async\" width=\"479\" height=\"379\" src=\"https:\/\/www.stildesign.ca\/wp-content\/uploads\/2022\/08\/garage-accessories-e1660059078460.jpeg\" alt=\"\" class=\"wp-image-143\" srcset=\"https:\/\/www.stildesign.ca\/wp-content\/uploads\/2022\/08\/garage-accessories-e1660059078460.jpeg 479w, https:\/\/www.stildesign.ca\/wp-content\/uploads\/2022\/08\/garage-accessories-e1660059078460-300x237.jpeg 300w\" sizes=\"auto, (max-width: 479px) 100vw, 479px\" \/><\/a><\/figure>\n\n\n\n<p class=\"has-text-align-left has-text-light-grey-color has-text-color\" style=\"letter-spacing:1px\">Garage<\/p>\n<\/div>\n<\/div>\n\n\n\n<div class=\"wp-block-column remove-for-small-screen is-layout-flow wp-block-column-is-layout-flow\" style=\"flex-basis:15%\"><\/div>\n<\/div>\n<\/div>\n\n\n\n<div class=\"wp-block-group alignfull has-light-bg-background-color has-background is-layout-flow wp-container-core-group-is-layout-40485677 wp-block-group-is-layout-flow\" style=\"padding-top:0px;padding-right:0px;padding-bottom:0px;padding-left:0px\">\n<div class=\"wp-block-columns is-layout-flex wp-container-core-columns-is-layout-d2ca7aa4 wp-block-columns-is-layout-flex\">\n<div class=\"wp-block-column is-vertically-aligned-center remove-padding is-layout-flow wp-block-column-is-layout-flow\" style=\"padding-right:70px;flex-basis:50%\">\n<div class=\"wp-block-group is-layout-flow wp-block-group-is-layout-flow\" style=\"padding-top:50px;padding-right:30px;padding-bottom:30px;padding-left:31px\">\n<h2 class=\"wp-block-heading has-text-grey-color has-text-color has-h-2-font-size\" style=\"margin-bottom:19px;font-style:normal;font-weight:300;line-height:1.3;text-transform:uppercase\">SALLE DE MONTRE<\/h2>\n\n\n\n<h4 class=\"wp-block-heading has-text-grey-color has-text-color has-h-4-font-size\" style=\"margin-bottom:0px;font-style:normal;font-weight:300\">Avez-vous envie de nouveaux espaces de rangement?<\/h4>\n\n\n\n<p class=\"has-text-light-grey-color has-text-color\" style=\"font-style:normal;font-weight:400;letter-spacing:1px;line-height:1.3\">Venez visiter la Salle de Montre de STIL Design \u00e0 Montr\u00e9al ou prenez rendez-vous avec l\u2019un de nos designers qui vous aidera \u00e0 r\u00e9aliser vos id\u00e9es de rangement.<\/p>\n\n\n<div class=\"gb-button-wrapper gb-button-wrapper-d77b1d25\">\n\n<a class=\"gb-button gb-button-9507e383 gb-button-text\" href=\"https:\/\/www.stildesign.ca\/fr\/a-propos\/salle-de-montre\/\">VOIR LA SALLE DE MONTRE<\/a>\n\n<\/div><\/div>\n<\/div>\n\n\n\n<div class=\"wp-block-column is-vertically-aligned-center remove-on-small-screen is-layout-flow wp-block-column-is-layout-flow\" style=\"flex-basis:50%\">\n<div class=\"wp-block-cover is-light\" style=\"min-height:654px;aspect-ratio:unset;\"><span aria-hidden=\"true\" class=\"wp-block-cover__background has-background-dim-0 has-background-dim\"><\/span><img loading=\"lazy\" decoding=\"async\" width=\"793\" height=\"700\" class=\"wp-block-cover__image-background wp-image-152\" alt=\"\" src=\"https:\/\/www.stildesign.ca\/wp-content\/uploads\/2022\/08\/tstil_213.jpeg\" data-object-fit=\"cover\" srcset=\"https:\/\/www.stildesign.ca\/wp-content\/uploads\/2022\/08\/tstil_213.jpeg 793w, https:\/\/www.stildesign.ca\/wp-content\/uploads\/2022\/08\/tstil_213-300x265.jpeg 300w, https:\/\/www.stildesign.ca\/wp-content\/uploads\/2022\/08\/tstil_213-768x678.jpeg 768w\" sizes=\"auto, (max-width: 793px) 100vw, 793px\" \/><div class=\"wp-block-cover__inner-container is-layout-flow wp-block-cover-is-layout-flow\">\n<p class=\"has-text-align-center has-large-font-size\"><\/p>\n<\/div><\/div>\n<\/div>\n<\/div>\n\n\n\n<div class=\"wp-block-columns is-layout-flex wp-container-core-columns-is-layout-d2ca7aa4 wp-block-columns-is-layout-flex\">\n<div class=\"wp-block-column is-vertically-aligned-center is-layout-flow wp-block-column-is-layout-flow\" style=\"flex-basis:50%\">\n<div class=\"wp-block-cover remove-on-small-screen\" style=\"min-height:654px;aspect-ratio:unset;\"><span aria-hidden=\"true\" class=\"wp-block-cover__background has-background-dim-0 has-background-dim\"><\/span><img loading=\"lazy\" decoding=\"async\" width=\"2000\" height=\"1300\" class=\"wp-block-cover__image-background wp-image-159\" alt=\"\" src=\"https:\/\/www.stildesign.ca\/wp-content\/uploads\/2022\/08\/consultation.jpeg\" data-object-fit=\"cover\" srcset=\"https:\/\/www.stildesign.ca\/wp-content\/uploads\/2022\/08\/consultation.jpeg 2000w, https:\/\/www.stildesign.ca\/wp-content\/uploads\/2022\/08\/consultation-300x195.jpeg 300w, https:\/\/www.stildesign.ca\/wp-content\/uploads\/2022\/08\/consultation-1024x666.jpeg 1024w, https:\/\/www.stildesign.ca\/wp-content\/uploads\/2022\/08\/consultation-768x499.jpeg 768w, https:\/\/www.stildesign.ca\/wp-content\/uploads\/2022\/08\/consultation-1536x998.jpeg 1536w\" sizes=\"auto, (max-width: 2000px) 100vw, 2000px\" \/><div class=\"wp-block-cover__inner-container is-layout-flow wp-block-cover-is-layout-flow\">\n<p class=\"has-text-align-center has-large-font-size\"><\/p>\n<\/div><\/div>\n<\/div>\n\n\n\n<div class=\"wp-block-column is-vertically-aligned-center remove-padding is-layout-flow wp-block-column-is-layout-flow\" style=\"padding-right:70px;flex-basis:50%\">\n<div class=\"wp-block-group is-layout-flow wp-block-group-is-layout-flow\" style=\"padding-top:50px;padding-right:30px;padding-bottom:30px;padding-left:31px\">\n<h2 class=\"wp-block-heading has-text-grey-color has-text-color has-h-2-font-size\" style=\"font-style:normal;font-weight:300\">CONSULTATION GRATUITE<\/h2>\n\n\n\n<h2 class=\"wp-block-heading has-text-grey-color has-text-color has-h-4-font-size\" style=\"font-style:normal;font-weight:300\">Nous sommes l\u00e0 pour vous aider!<\/h2>\n\n\n\n<p class=\"has-text-light-grey-color has-text-color\" style=\"letter-spacing:1px;line-height:1.3\">De la conception \u00e0 la construction, notre \u00e9quipe est heureuse de vous aider. Communiquez avec nous et l\u2019un de nos designers vous r\u00e9pondra pour vous offrir notre expertise. Notre \u00e9quipe peut r\u00e9pondre \u00e0 toutes vos questions, alors qu\u2019attendons-nous pour amorcer votre projet!  <\/p>\n\n\n<div class=\"gb-button-wrapper gb-button-wrapper-c077ccde\">\n\n<a class=\"gb-button gb-button-2bbded24 gb-button-text\" href=\"https:\/\/www.stildesign.ca\/fr\/contactez-nous\/\">R\u00c9SERVEZ VOTRE CONSULTATION GRATUITE<\/a>\n\n<\/div><\/div>\n<\/div>\n<\/div>\n\n\n\n<div class=\"wp-block-columns is-layout-flex wp-container-core-columns-is-layout-d2ca7aa4 wp-block-columns-is-layout-flex\">\n<div class=\"wp-block-column is-vertically-aligned-center remove-padding is-layout-flow wp-block-column-is-layout-flow\" style=\"padding-top:70px;padding-right:70px;padding-bottom:70px;padding-left:70px;flex-basis:50%\">\n<div class=\"wp-block-group is-layout-flow wp-block-group-is-layout-flow\" style=\"padding-top:50px;padding-right:30px;padding-bottom:30px;padding-left:31px\">\n<h2 class=\"wp-block-heading has-text-grey-color has-text-color has-h-2-font-size\" style=\"font-style:normal;font-weight:300\">VID\u00c9OS<\/h2>\n\n\n\n<h4 class=\"wp-block-heading has-text-grey-color has-text-color has-h-4-font-size\" style=\"font-style:normal;font-weight:300\">Vivez l\u2019exp\u00e9rience de nos conceptions sur mesure, de A \u00e0 Z!<\/h4>\n\n\n\n<p class=\"has-text-light-grey-color has-text-color\" style=\"letter-spacing:1px;line-height:1.3\">Regardez nos projets se d\u00e9rouler sous vos yeux, de la conception \u00e0 la construction, et commencez d\u00e9j\u00e0 \u00e0 imaginer la structure de rangement qui pourrait \u00eatre la v\u00f4tre!<\/p>\n\n\n<div class=\"gb-button-wrapper gb-button-wrapper-87696488\">\n\n<a class=\"gb-button gb-button-259bb4cf gb-button-text\" href=\"https:\/\/www.stildesign.ca\/fr\/a-propos\/videos\/\">VOIR LES VID\u00c9OS<\/a>\n\n<\/div><\/div>\n<\/div>\n\n\n\n<div class=\"wp-block-column is-vertically-aligned-center is-layout-flow wp-block-column-is-layout-flow\" style=\"flex-basis:50%\">\n<div class=\"wp-block-cover remove-on-small-screen\" style=\"min-height:654px;aspect-ratio:unset;\"><span aria-hidden=\"true\" class=\"wp-block-cover__background has-background-dim-0 has-background-dim\"><\/span><img loading=\"lazy\" decoding=\"async\" width=\"600\" height=\"400\" class=\"wp-block-cover__image-background wp-image-160\" alt=\"\" src=\"https:\/\/www.stildesign.ca\/wp-content\/uploads\/2022\/08\/stil-218-CONTACT-US-PHOTO.jpeg\" data-object-fit=\"cover\" srcset=\"https:\/\/www.stildesign.ca\/wp-content\/uploads\/2022\/08\/stil-218-CONTACT-US-PHOTO.jpeg 600w, https:\/\/www.stildesign.ca\/wp-content\/uploads\/2022\/08\/stil-218-CONTACT-US-PHOTO-300x200.jpeg 300w\" sizes=\"auto, (max-width: 600px) 100vw, 600px\" \/><div class=\"wp-block-cover__inner-container is-layout-flow wp-block-cover-is-layout-flow\">\n<p class=\"has-text-align-center has-large-font-size\"><\/p>\n<\/div><\/div>\n<\/div>\n<\/div>\n<\/div>\n\n\n\n<div class=\"wp-block-group has-orange-bg-background-color has-background is-layout-constrained wp-container-core-group-is-layout-d4546c11 wp-block-group-is-layout-constrained\" style=\"padding-top:90px;padding-right:15px;padding-bottom:90px;padding-left:15px\">\n<h3 class=\"wp-block-heading has-text-align-center has-text-grey-color has-text-color has-h-3-font-size\" style=\"margin-bottom:27px;font-style:normal;font-weight:300\">Nos clients sont notre priorit\u00e9. Voyez ce qu\u2019ils ont \u00e0 dire sur nos services.<\/h3>\n\n\n\n<div class=\"wp-block-group is-layout-constrained wp-container-core-group-is-layout-7d7a58d3 wp-block-group-is-layout-constrained\">\n<h2 class=\"wp-block-heading has-light-bg-color has-text-color\" style=\"margin-top:0px;margin-right:0px;margin-bottom:0px;margin-left:0px;font-size:40px\"><i class=\"fa fa-quote-left\"><\/i><\/h2>\n\n\n\n<p class=\"has-text-align-center has-text-grey-color has-text-color has-h-5-font-size\" style=\"font-style:italic;font-weight:300;letter-spacing:1px;line-height:1.3\">Nous sommes vraiment satisfaits de nos deux lits muraux et nos solutions de rangement de Stil Design. Du d\u00e9but \u00e0 la fin, l\u2019\u00e9quipe de Stil a gard\u00e9 en t\u00eate exactement ce que nous cherchions et a cr\u00e9\u00e9 un excellent produit fini. Les membres de l\u2019\u00e9quipe connaissaient extr\u00eamement bien leur m\u00e9tier et ont fait preuve d\u2019un grand professionnalisme. Nous sommes plus qu\u2019heureux du r\u00e9sultat. Comme nous vivons dans un condo, nous cherchons toujours \u00e0 optimiser notre espace, sans sacrifier le design. Nous avons choisi Stil, car elle r\u00e9ussit \u00e0 combiner divers espaces de rangement et un look de qualit\u00e9 sup\u00e9rieure. De plus, le bureau dans le coin-d\u00e9tente et les tiroirs int\u00e9gr\u00e9s ajoutent beaucoup de fonctionnalit\u00e9 \u00e0 la pi\u00e8ce. Nous recommandons chaudement Stil \u00e0 quiconque cherche \u00e0 embellir et optimiser son espace de vie.      <\/p>\n<\/div>\n\n\n\n<h5 class=\"wp-block-heading has-text-align-center has-text-grey-color has-text-color has-h-4-font-size\" style=\"font-style:normal;font-weight:300\"><em>Mary-Rose Brown<\/em><\/h5>\n\n\n<div class=\"gb-button-wrapper gb-button-wrapper-c55aede7\">\n\n<a class=\"gb-button gb-button-8293fd4d gb-button-text\" href=\"https:\/\/www.stildesign.ca\/fr\/a-propos\/#testimony\">VOIR PLUS DE T\u00c9MOIGNAGES<\/a>\n\n<\/div><\/div>\n<\/div>\n","protected":false},"excerpt":{"rendered":"<p>20 ans d\u2019exp\u00e9rience Depuis 20 ans, nous avons mis\u00e9 sur notre expertise pour vous fournir des solutions de rangement personnalis\u00e9es. Vous \u00eates uniques, tout comme le sont vos besoins de rangement, alors laissez-nous r\u00e9aliser la garde-robe et les espaces de rangement de vos r\u00eaves! Une entreprise familiale Des solutions sur mesure pour tous vos besoins [&hellip;]<\/p>\n","protected":false},"author":2,"featured_media":0,"parent":0,"menu_order":0,"comment_status":"closed","ping_status":"closed","template":"","meta":{"footnotes":""},"class_list":["post-1049","page","type-page","status-publish","hentry"],"yoast_head":"<!-- This site is optimized with the Yoast SEO plugin v27.4 - https:\/\/yoast.com\/product\/yoast-seo-wordpress\/ -->\n<title>Solutions de Rangement Personnalis\u00e9es et Design Int\u00e9rieur | STIL Design<\/title>\n<meta name=\"description\" content=\"D\u00e9couvrez STIL Design pour des solutions de rangement sur mesure, y compris garde-robes, bureaux \u00e0 domicile, lits muraux et plus encore. Profitez de notre expertise et de notre service personnalis\u00e9 pour optimiser vos espaces de vie. Consultez nos projets et b\u00e9n\u00e9ficiez d&#039;une consultation gratuite.\" \/>\n<meta name=\"robots\" content=\"index, follow, max-snippet:-1, max-image-preview:large, max-video-preview:-1\" \/>\n<link rel=\"canonical\" href=\"https:\/\/www.stildesign.ca\/fr\/\" \/>\n<meta property=\"og:locale\" content=\"fr_FR\" \/>\n<meta property=\"og:type\" content=\"article\" \/>\n<meta property=\"og:title\" content=\"Solutions de Rangement Personnalis\u00e9es et Design Int\u00e9rieur | STIL Design\" \/>\n<meta property=\"og:description\" content=\"D\u00e9couvrez STIL Design pour des solutions de rangement sur mesure, y compris garde-robes, bureaux \u00e0 domicile, lits muraux et plus encore. Profitez de notre expertise et de notre service personnalis\u00e9 pour optimiser vos espaces de vie. Consultez nos projets et b\u00e9n\u00e9ficiez d&#039;une consultation gratuite.\" \/>\n<meta property=\"og:url\" content=\"https:\/\/www.stildesign.ca\/fr\/\" \/>\n<meta property=\"og:site_name\" content=\"STIL Design\" \/>\n<meta property=\"article:publisher\" content=\"https:\/\/www.facebook.com\/STILDESIGN\/\" \/>\n<meta property=\"article:modified_time\" content=\"2024-07-25T16:28:11+00:00\" \/>\n<meta property=\"og:image\" content=\"https:\/\/www.stildesign.ca\/wp-content\/uploads\/2022\/08\/family-business-icon.png\" \/>\n<meta name=\"twitter:card\" content=\"summary_large_image\" \/>\n<meta name=\"twitter:label1\" content=\"Dur\u00e9e de lecture estim\u00e9e\" \/>\n\t<meta name=\"twitter:data1\" content=\"9 minutes\" \/>\n<script type=\"application\/ld+json\" class=\"yoast-schema-graph\">{\"@context\":\"https:\\\/\\\/schema.org\",\"@graph\":[{\"@type\":\"WebPage\",\"@id\":\"https:\\\/\\\/www.stildesign.ca\\\/fr\\\/\",\"url\":\"https:\\\/\\\/www.stildesign.ca\\\/fr\\\/\",\"name\":\"Solutions de Rangement Personnalis\u00e9es et Design Int\u00e9rieur | STIL Design\",\"isPartOf\":{\"@id\":\"https:\\\/\\\/www.stildesign.ca\\\/fr\\\/#website\"},\"primaryImageOfPage\":{\"@id\":\"https:\\\/\\\/www.stildesign.ca\\\/fr\\\/#primaryimage\"},\"image\":{\"@id\":\"https:\\\/\\\/www.stildesign.ca\\\/fr\\\/#primaryimage\"},\"thumbnailUrl\":\"https:\\\/\\\/www.stildesign.ca\\\/wp-content\\\/uploads\\\/2022\\\/08\\\/family-business-icon.png\",\"datePublished\":\"2022-08-08T21:17:50+00:00\",\"dateModified\":\"2024-07-25T16:28:11+00:00\",\"description\":\"D\u00e9couvrez STIL Design pour des solutions de rangement sur mesure, y compris garde-robes, bureaux \u00e0 domicile, lits muraux et plus encore. Profitez de notre expertise et de notre service personnalis\u00e9 pour optimiser vos espaces de vie. Consultez nos projets et b\u00e9n\u00e9ficiez d'une consultation gratuite.\",\"breadcrumb\":{\"@id\":\"https:\\\/\\\/www.stildesign.ca\\\/fr\\\/#breadcrumb\"},\"inLanguage\":\"fr-FR\",\"potentialAction\":[{\"@type\":\"ReadAction\",\"target\":[\"https:\\\/\\\/www.stildesign.ca\\\/fr\\\/\"]}]},{\"@type\":\"ImageObject\",\"inLanguage\":\"fr-FR\",\"@id\":\"https:\\\/\\\/www.stildesign.ca\\\/fr\\\/#primaryimage\",\"url\":\"https:\\\/\\\/www.stildesign.ca\\\/wp-content\\\/uploads\\\/2022\\\/08\\\/family-business-icon.png\",\"contentUrl\":\"https:\\\/\\\/www.stildesign.ca\\\/wp-content\\\/uploads\\\/2022\\\/08\\\/family-business-icon.png\"},{\"@type\":\"BreadcrumbList\",\"@id\":\"https:\\\/\\\/www.stildesign.ca\\\/fr\\\/#breadcrumb\",\"itemListElement\":[{\"@type\":\"ListItem\",\"position\":1,\"name\":\"Home\",\"item\":\"https:\\\/\\\/www.stildesign.ca\\\/fr\\\/\"},{\"@type\":\"ListItem\",\"position\":2,\"name\":\"Accueil\"}]},{\"@type\":\"WebSite\",\"@id\":\"https:\\\/\\\/www.stildesign.ca\\\/fr\\\/#website\",\"url\":\"https:\\\/\\\/www.stildesign.ca\\\/fr\\\/\",\"name\":\"STIL Design\",\"description\":\"Premium Custom Storage Solutions Montreal\",\"publisher\":{\"@id\":\"https:\\\/\\\/www.stildesign.ca\\\/fr\\\/#organization\"},\"potentialAction\":[{\"@type\":\"SearchAction\",\"target\":{\"@type\":\"EntryPoint\",\"urlTemplate\":\"https:\\\/\\\/www.stildesign.ca\\\/fr\\\/?s={search_term_string}\"},\"query-input\":{\"@type\":\"PropertyValueSpecification\",\"valueRequired\":true,\"valueName\":\"search_term_string\"}}],\"inLanguage\":\"fr-FR\"},{\"@type\":\"Organization\",\"@id\":\"https:\\\/\\\/www.stildesign.ca\\\/fr\\\/#organization\",\"name\":\"STIL Design\",\"url\":\"https:\\\/\\\/www.stildesign.ca\\\/fr\\\/\",\"logo\":{\"@type\":\"ImageObject\",\"inLanguage\":\"fr-FR\",\"@id\":\"https:\\\/\\\/www.stildesign.ca\\\/fr\\\/#\\\/schema\\\/logo\\\/image\\\/\",\"url\":\"https:\\\/\\\/www.stildesign.ca\\\/wp-content\\\/uploads\\\/2024\\\/07\\\/stil-logo-web-ca.jpg\",\"contentUrl\":\"https:\\\/\\\/www.stildesign.ca\\\/wp-content\\\/uploads\\\/2024\\\/07\\\/stil-logo-web-ca.jpg\",\"width\":690,\"height\":690,\"caption\":\"STIL Design\"},\"image\":{\"@id\":\"https:\\\/\\\/www.stildesign.ca\\\/fr\\\/#\\\/schema\\\/logo\\\/image\\\/\"},\"sameAs\":[\"https:\\\/\\\/www.facebook.com\\\/STILDESIGN\\\/\"]}]}<\/script>\n<!-- \/ Yoast SEO plugin. -->","yoast_head_json":{"title":"Solutions de Rangement Personnalis\u00e9es et Design Int\u00e9rieur | STIL Design","description":"D\u00e9couvrez STIL Design pour des solutions de rangement sur mesure, y compris garde-robes, bureaux \u00e0 domicile, lits muraux et plus encore. Profitez de notre expertise et de notre service personnalis\u00e9 pour optimiser vos espaces de vie. Consultez nos projets et b\u00e9n\u00e9ficiez d'une consultation gratuite.","robots":{"index":"index","follow":"follow","max-snippet":"max-snippet:-1","max-image-preview":"max-image-preview:large","max-video-preview":"max-video-preview:-1"},"canonical":"https:\/\/www.stildesign.ca\/fr\/","og_locale":"fr_FR","og_type":"article","og_title":"Solutions de Rangement Personnalis\u00e9es et Design Int\u00e9rieur | STIL Design","og_description":"D\u00e9couvrez STIL Design pour des solutions de rangement sur mesure, y compris garde-robes, bureaux \u00e0 domicile, lits muraux et plus encore. Profitez de notre expertise et de notre service personnalis\u00e9 pour optimiser vos espaces de vie. Consultez nos projets et b\u00e9n\u00e9ficiez d'une consultation gratuite.","og_url":"https:\/\/www.stildesign.ca\/fr\/","og_site_name":"STIL Design","article_publisher":"https:\/\/www.facebook.com\/STILDESIGN\/","article_modified_time":"2024-07-25T16:28:11+00:00","og_image":[{"url":"https:\/\/www.stildesign.ca\/wp-content\/uploads\/2022\/08\/family-business-icon.png","type":"","width":"","height":""}],"twitter_card":"summary_large_image","twitter_misc":{"Dur\u00e9e de lecture estim\u00e9e":"9 minutes"},"schema":{"@context":"https:\/\/schema.org","@graph":[{"@type":"WebPage","@id":"https:\/\/www.stildesign.ca\/fr\/","url":"https:\/\/www.stildesign.ca\/fr\/","name":"Solutions de Rangement Personnalis\u00e9es et Design Int\u00e9rieur | STIL Design","isPartOf":{"@id":"https:\/\/www.stildesign.ca\/fr\/#website"},"primaryImageOfPage":{"@id":"https:\/\/www.stildesign.ca\/fr\/#primaryimage"},"image":{"@id":"https:\/\/www.stildesign.ca\/fr\/#primaryimage"},"thumbnailUrl":"https:\/\/www.stildesign.ca\/wp-content\/uploads\/2022\/08\/family-business-icon.png","datePublished":"2022-08-08T21:17:50+00:00","dateModified":"2024-07-25T16:28:11+00:00","description":"D\u00e9couvrez STIL Design pour des solutions de rangement sur mesure, y compris garde-robes, bureaux \u00e0 domicile, lits muraux et plus encore. Profitez de notre expertise et de notre service personnalis\u00e9 pour optimiser vos espaces de vie. Consultez nos projets et b\u00e9n\u00e9ficiez d'une consultation gratuite.","breadcrumb":{"@id":"https:\/\/www.stildesign.ca\/fr\/#breadcrumb"},"inLanguage":"fr-FR","potentialAction":[{"@type":"ReadAction","target":["https:\/\/www.stildesign.ca\/fr\/"]}]},{"@type":"ImageObject","inLanguage":"fr-FR","@id":"https:\/\/www.stildesign.ca\/fr\/#primaryimage","url":"https:\/\/www.stildesign.ca\/wp-content\/uploads\/2022\/08\/family-business-icon.png","contentUrl":"https:\/\/www.stildesign.ca\/wp-content\/uploads\/2022\/08\/family-business-icon.png"},{"@type":"BreadcrumbList","@id":"https:\/\/www.stildesign.ca\/fr\/#breadcrumb","itemListElement":[{"@type":"ListItem","position":1,"name":"Home","item":"https:\/\/www.stildesign.ca\/fr\/"},{"@type":"ListItem","position":2,"name":"Accueil"}]},{"@type":"WebSite","@id":"https:\/\/www.stildesign.ca\/fr\/#website","url":"https:\/\/www.stildesign.ca\/fr\/","name":"STIL Design","description":"Premium Custom Storage Solutions Montreal","publisher":{"@id":"https:\/\/www.stildesign.ca\/fr\/#organization"},"potentialAction":[{"@type":"SearchAction","target":{"@type":"EntryPoint","urlTemplate":"https:\/\/www.stildesign.ca\/fr\/?s={search_term_string}"},"query-input":{"@type":"PropertyValueSpecification","valueRequired":true,"valueName":"search_term_string"}}],"inLanguage":"fr-FR"},{"@type":"Organization","@id":"https:\/\/www.stildesign.ca\/fr\/#organization","name":"STIL Design","url":"https:\/\/www.stildesign.ca\/fr\/","logo":{"@type":"ImageObject","inLanguage":"fr-FR","@id":"https:\/\/www.stildesign.ca\/fr\/#\/schema\/logo\/image\/","url":"https:\/\/www.stildesign.ca\/wp-content\/uploads\/2024\/07\/stil-logo-web-ca.jpg","contentUrl":"https:\/\/www.stildesign.ca\/wp-content\/uploads\/2024\/07\/stil-logo-web-ca.jpg","width":690,"height":690,"caption":"STIL Design"},"image":{"@id":"https:\/\/www.stildesign.ca\/fr\/#\/schema\/logo\/image\/"},"sameAs":["https:\/\/www.facebook.com\/STILDESIGN\/"]}]}},"_links":{"self":[{"href":"https:\/\/www.stildesign.ca\/fr\/wp-json\/wp\/v2\/pages\/1049","targetHints":{"allow":["GET"]}}],"collection":[{"href":"https:\/\/www.stildesign.ca\/fr\/wp-json\/wp\/v2\/pages"}],"about":[{"href":"https:\/\/www.stildesign.ca\/fr\/wp-json\/wp\/v2\/types\/page"}],"author":[{"embeddable":true,"href":"https:\/\/www.stildesign.ca\/fr\/wp-json\/wp\/v2\/users\/2"}],"replies":[{"embeddable":true,"href":"https:\/\/www.stildesign.ca\/fr\/wp-json\/wp\/v2\/comments?post=1049"}],"version-history":[{"count":28,"href":"https:\/\/www.stildesign.ca\/fr\/wp-json\/wp\/v2\/pages\/1049\/revisions"}],"predecessor-version":[{"id":1919,"href":"https:\/\/www.stildesign.ca\/fr\/wp-json\/wp\/v2\/pages\/1049\/revisions\/1919"}],"wp:attachment":[{"href":"https:\/\/www.stildesign.ca\/fr\/wp-json\/wp\/v2\/media?parent=1049"}],"curies":[{"name":"wp","href":"https:\/\/api.w.org\/{rel}","templated":true}]}}